{"id":2305,"date":"2019-02-23T13:58:37","date_gmt":"2019-02-23T12:58:37","guid":{"rendered":"http:\/\/ichha.org\/?page_id=2305"},"modified":"2019-03-15T11:47:52","modified_gmt":"2019-03-15T10:47:52","slug":"nosotros","status":"publish","type":"page","link":"http:\/\/ichha.org\/de\/nosotros\/","title":{"rendered":"Wer sind wir?"},"content":{"rendered":"<div id=\"pl-2305\"  class=\"panel-layout\" ><div id=\"pg-2305-0\"  class=\"panel-grid panel-no-style\" ><div id=\"pgc-2305-0-0\"  class=\"panel-grid-cell\" ><div id=\"panel-2305-0-0-0\" class=\"so-panel widget widget_sow-editor panel-first-child panel-last-child\" data-index=\"0\" ><div\n\t\t\t\n\t\t\tclass=\"so-widget-sow-editor so-widget-sow-editor-base\"\n\t\t\t\n\t\t>\n<div class=\"siteorigin-widget-tinymce textwidget\">\n\t<h1 style=\"text-align: center;\">Wer sind wir?<\/h1>\n<p>Die \"Iglesia de la Comunidad Hispano Hablante de Alemania\" (ICHHA) ist eine spanischsprachige christliche Gemeinde in M\u00f6rfelden (in der N\u00e4he von Frankfurt am Main).<br \/>\nBei unseren Treffen loben wir Gott, lernen und wachsen im Wort Gottes. Die Predigten werden simultan ins Deutsche \u00fcbersetzt.<\/p>\n<\/div>\n<\/div><\/div><\/div><\/div><div id=\"pg-2305-1\"  class=\"panel-grid panel-no-style\" ><div id=\"pgc-2305-1-0\"  class=\"panel-grid-cell\" ><div id=\"panel-2305-1-0-0\" class=\"so-panel widget widget_sow-editor panel-first-child panel-last-child\" data-index=\"1\" ><div\n\t\t\t\n\t\t\tclass=\"so-widget-sow-editor so-widget-sow-editor-base\"\n\t\t\t\n\t\t>\n<div class=\"siteorigin-widget-tinymce textwidget\">\n\t<h2 style=\"text-align: center;\"><strong>Gemeinde<\/strong><\/h2>\n<h3><strong>Vision<\/strong><\/h3>\n<p>Als Kirche wollen wir im Glauben und in den Fr\u00fcchten des Heiligen Geistes wachsen und der Gemeinschaft Freude bringen. Wir wollen die gute Nachricht von Jesus Christus in M\u00f6rfelden und deren Umgbebung weitergeben.<\/p>\n<h3><strong>Mission<\/strong><\/h3>\n<ul>\n<li>Das Wort Gottes zu den Menschen bringen, die ihn nicht kennen.<\/li>\n<li>Auf den Namen des Vaters, des Sohnes und des Heiligen Geistes taufen.<\/li>\n<li>Eine Kirche sein, die Zeugnis von der Liebe Jesu Christi gibt.<\/li>\n<li>Den Menschen helfen, dass sie Gott dienen k\u00f6nnen.<\/li>\n<li>Ein biblisches Fundament bei unseren Kindern und Jugendlichen schaffen.<\/li>\n<li>Eine Gemeinschaft der Liebe und guter Taten in Christus erzeugen.<\/li>\n<\/ul>\n<h3><strong>Biblisches Fundament unserer Vision und Mission<\/strong><\/h3>\n<p>Deshalb geht hinaus in die ganze Welt und ruft alle Menschen dazu auf, meine J\u00fcnger zu werden! Tauft sie auf den Namen des Vaters, des Sohnes und des Heiligen Geistes! Matth\u00e4us 28,19 (HFA)<\/p>\n<p>Lasst uns aufeinander achten! Wir wollen uns zu gegenseitiger Liebe ermutigen und einander anspornen, Gutes zu tun. Vers\u00e4umt nicht die Zusammenk\u00fcnfte eurer Gemeinde, wie es sich einige angew\u00f6hnt haben. Ermahnt euch gegenseitig dabeizubleiben. Ihr seht ja, dass der Tag nahe ist, an dem der Herr kommt. Hebr\u00e4er 10, 24-25 (HFA)<\/p>\n<p>&nbsp;<\/p>\n<\/div>\n<\/div><\/div><\/div><div id=\"pgc-2305-1-1\"  class=\"panel-grid-cell\" ><div id=\"panel-2305-1-1-0\" class=\"so-panel widget widget_sow-editor panel-first-child panel-last-child\" data-index=\"2\" ><div\n\t\t\t\n\t\t\tclass=\"so-widget-sow-editor so-widget-sow-editor-base\"\n\t\t\t\n\t\t>\n<div class=\"siteorigin-widget-tinymce textwidget\">\n\t<nosotros_icons class=\"wp-svg-heart-2 heart-2\"><\/nosotros_icons>\n<\/div>\n<\/div><\/div><\/div><\/div><div id=\"pg-2305-2\"  class=\"panel-grid panel-no-style\" ><div id=\"pgc-2305-2-0\"  class=\"panel-grid-cell\" ><div id=\"panel-2305-2-0-0\" class=\"so-panel widget widget_sow-editor panel-first-child panel-last-child\" data-index=\"3\" ><div\n\t\t\t\n\t\t\tclass=\"so-widget-sow-editor so-widget-sow-editor-base\"\n\t\t\t\n\t\t>\n<div class=\"siteorigin-widget-tinymce textwidget\">\n\t<nosotros_icons class=\"wp-svg-bubbles-2 bubbles-2\"><\/nosotros_icons>\n<\/div>\n<\/div><\/div><\/div><div id=\"pgc-2305-2-1\"  class=\"panel-grid-cell\" ><div id=\"panel-2305-2-1-0\" class=\"so-panel widget widget_sow-editor panel-first-child panel-last-child\" data-index=\"4\" ><div\n\t\t\t\n\t\t\tclass=\"so-widget-sow-editor so-widget-sow-editor-base\"\n\t\t\t\n\t\t>\n<div class=\"siteorigin-widget-tinymce textwidget\">\n\t<h2 style=\"text-align: center;\"><strong>Unsere Treffen<br \/>\n<\/strong><\/h2>\n<h3><strong>Bibelkreis in Frankfurt<\/strong><\/h3>\n<p>Als kleine Gruppe treffen wir uns dienstags im Haus eines Gemeindemitglieds, um gemeinsam das Wort Gottes zu studieren (siehe Aktivit\u00e4ten weiter unten).<\/p>\n<h3><strong>Frauentreffen<\/strong><\/h3>\n<p>Jeden zweiten Samstag im Monat treffen wir Frauen uns von 15:30 bis 17:30, um im HERRN zu wachsen (siehe Aktivit\u00e4ten weiter unten).<\/p>\n<h3><strong>Jugendkreis<\/strong><\/h3>\n<p>Zwei Mal pro Monat trifft sich die Jugend samstags um 17:30 in unserer Gemeinde, um das Wort Gottes besser kennen zu lernen (siehe Aktivit\u00e4ten weiter unten).<\/p>\n<p>&nbsp;<\/p>\n<\/div>\n<\/div><\/div><\/div><\/div><div id=\"pg-2305-3\"  class=\"panel-grid panel-no-style\" ><div id=\"pgc-2305-3-0\"  class=\"panel-grid-cell\" ><div id=\"panel-2305-3-0-0\" class=\"so-panel widget widget_sow-editor panel-first-child panel-last-child\" data-index=\"5\" ><div\n\t\t\t\n\t\t\tclass=\"so-widget-sow-editor so-widget-sow-editor-base\"\n\t\t\t\n\t\t>\n<div class=\"siteorigin-widget-tinymce textwidget\">\n\t<h2 style=\"text-align: center;\"><strong>Unser Gottesdienst<br \/>\n<\/strong><\/h2>\n<p>Wir treffen uns, um Gott mit Lobpreis, Gebet und Predigten \u00fcber die Gute Nachricht unseres Herrn Jesus Christus zu ehren und zu preisen. Zur gleichen Zeit nehmen die Kinder an der Sonntagsschule teil, bei der neben Lobpreis, Gebet und einer kleinen Predigt auch Spiele, Basteln und \u00e4hnliches angeboten werden.<\/p>\n<p>Unsere Gottesdienste finden jeden Sonntag um 16:00 Uhr statt und dauern ca. anderhalb Stunden. Der Gottesdienst wird vom Spanischen ins Deutsche \u00fcbersetzt. Nach dem Gottesdienst verbringen wir gemeinsam etwas Zeit in der Cafeteria.<\/p>\n<p>&nbsp;<\/p>\n<\/div>\n<\/div><\/div><\/div><div id=\"pgc-2305-3-1\"  class=\"panel-grid-cell\" ><div id=\"panel-2305-3-1-0\" class=\"so-panel widget widget_sow-editor panel-first-child panel-last-child\" data-index=\"6\" ><div\n\t\t\t\n\t\t\tclass=\"so-widget-sow-editor so-widget-sow-editor-base\"\n\t\t\t\n\t\t>\n<div class=\"siteorigin-widget-tinymce textwidget\">\n\t<nosotros_icons class=\"wp-svg-custom-church church\"><\/nosotros_icons>\n<\/div>\n<\/div><\/div><\/div><\/div><div id=\"pg-2305-4\"  class=\"panel-grid panel-no-style\" ><div id=\"pgc-2305-4-0\"  class=\"panel-grid-cell\" ><div id=\"panel-2305-4-0-0\" class=\"so-panel widget widget_sow-editor panel-first-child panel-last-child\" data-index=\"7\" ><div\n\t\t\t\n\t\t\tclass=\"so-widget-sow-editor so-widget-sow-editor-base\"\n\t\t\t\n\t\t>\n<div class=\"siteorigin-widget-tinymce textwidget\">\n\t<nosotros_icons class=\"wp-svg-music music\"><\/nosotros_icons>\n<\/div>\n<\/div><\/div><\/div><div id=\"pgc-2305-4-1\"  class=\"panel-grid-cell\" ><div id=\"panel-2305-4-1-0\" class=\"so-panel widget widget_sow-editor panel-first-child panel-last-child\" data-index=\"8\" ><div\n\t\t\t\n\t\t\tclass=\"so-widget-sow-editor so-widget-sow-editor-base\"\n\t\t\t\n\t\t>\n<div class=\"siteorigin-widget-tinymce textwidget\">\n\t<h2 style=\"text-align: center;\"><strong>Unser Lobpreis<br \/>\n<\/strong><\/h2>\n<p>Herr, du bist mein Gott! Ich lobe dich und preise deinen Namen, denn du vollbringst wunderbare Taten. Was du vor langer Zeit beschlossen hast, das hast du in gro\u00dfer Treue ausgef\u00fchrt.<br \/>\n( Jesaja 25,1 HFA)<\/p>\n<\/div>\n<\/div><\/div><\/div><\/div><\/div>","protected":false},"excerpt":{"rendered":"<p>Wer sind wir? Die &#8222;Iglesia de la Comunidad Hispano Hablante de Alemania&#8220; (ICHHA) ist eine spanischsprachige christliche Gemeinde in M\u00f6rfelden (in der N\u00e4he von Frankfurt am Main). Bei unseren Treffen&#8230;<\/p>\n","protected":false},"author":1,"featured_media":0,"parent":0,"menu_order":0,"comment_status":"closed","ping_status":"closed","template":"","meta":{"_monsterinsights_skip_tracking":false,"_monsterinsights_sitenote_active":false,"_monsterinsights_sitenote_note":"","_monsterinsights_sitenote_category":0,"footnotes":""},"class_list":["post-2305","page","type-page","status-publish","hentry"],"yoast_head":"<!-- This site is optimized with the Yoast SEO plugin v26.6 - https:\/\/yoast.com\/wordpress\/plugins\/seo\/ -->\n<title>Wer sind wir?<\/title>\n<meta name=\"description\" content=\"Somos una iglesia latina cerca de Frankfurt, Alemania\" \/>\n<meta name=\"robots\" content=\"index, follow, max-snippet:-1, max-image-preview:large, max-video-preview:-1\" \/>\n<link rel=\"canonical\" href=\"http:\/\/ichha.org\/de\/nosotros\/\" \/>\n<meta property=\"og:locale\" content=\"de_DE\" \/>\n<meta property=\"og:locale:alternate\" content=\"es_ES\" \/>\n<meta property=\"og:type\" content=\"article\" \/>\n<meta property=\"og:title\" content=\"Wer sind wir?\" \/>\n<meta property=\"og:description\" content=\"Somos una iglesia latina cerca de Frankfurt, Alemania\" \/>\n<meta property=\"og:url\" content=\"http:\/\/ichha.org\/de\/nosotros\/\" \/>\n<meta property=\"og:site_name\" content=\"ICHHA\" \/>\n<meta property=\"article:publisher\" content=\"https:\/\/www.facebook.com\/iglesiahispanaichha\/\" \/>\n<meta property=\"article:modified_time\" content=\"2019-03-15T10:47:52+00:00\" \/>\n<meta name=\"twitter:card\" content=\"summary_large_image\" \/>\n<meta name=\"twitter:label1\" content=\"Gesch\u00e4tzte Lesezeit\" \/>\n\t<meta name=\"twitter:data1\" content=\"2\u00a0Minuten\" \/>\n<script type=\"application\/ld+json\" class=\"yoast-schema-graph\">{\"@context\":\"https:\/\/schema.org\",\"@graph\":[{\"@type\":\"WebPage\",\"@id\":\"http:\/\/ichha.org\/nosotros\/\",\"url\":\"http:\/\/ichha.org\/nosotros\/\",\"name\":\"Wer sind wir?\",\"isPartOf\":{\"@id\":\"http:\/\/ichha.org\/#website\"},\"datePublished\":\"2019-02-23T12:58:37+00:00\",\"dateModified\":\"2019-03-15T10:47:52+00:00\",\"description\":\"Somos una iglesia latina cerca de Frankfurt, Alemania\",\"breadcrumb\":{\"@id\":\"http:\/\/ichha.org\/nosotros\/#breadcrumb\"},\"inLanguage\":\"de-DE\",\"potentialAction\":[{\"@type\":\"ReadAction\",\"target\":[\"http:\/\/ichha.org\/nosotros\/\"]}]},{\"@type\":\"BreadcrumbList\",\"@id\":\"http:\/\/ichha.org\/nosotros\/#breadcrumb\",\"itemListElement\":[{\"@type\":\"ListItem\",\"position\":1,\"name\":\"Home\",\"item\":\"http:\/\/ichha.org\/\"},{\"@type\":\"ListItem\",\"position\":2,\"name\":\"Acerca de nosotros\"}]},{\"@type\":\"WebSite\",\"@id\":\"http:\/\/ichha.org\/#website\",\"url\":\"http:\/\/ichha.org\/\",\"name\":\"ICHHA\",\"description\":\"Compartiendo el amor de Dios\",\"publisher\":{\"@id\":\"http:\/\/ichha.org\/#organization\"},\"potentialAction\":[{\"@type\":\"SearchAction\",\"target\":{\"@type\":\"EntryPoint\",\"urlTemplate\":\"http:\/\/ichha.org\/?s={search_term_string}\"},\"query-input\":{\"@type\":\"PropertyValueSpecification\",\"valueRequired\":true,\"valueName\":\"search_term_string\"}}],\"inLanguage\":\"de-DE\"},{\"@type\":\"Organization\",\"@id\":\"http:\/\/ichha.org\/#organization\",\"name\":\"Iglesia de la comunidad hispano hablante de Alemania\",\"url\":\"http:\/\/ichha.org\/\",\"logo\":{\"@type\":\"ImageObject\",\"inLanguage\":\"de-DE\",\"@id\":\"http:\/\/ichha.org\/#\/schema\/logo\/image\/\",\"url\":\"http:\/\/ichha.org\/wp-content\/uploads\/2018\/11\/ICHHA-Titel.png\",\"contentUrl\":\"http:\/\/ichha.org\/wp-content\/uploads\/2018\/11\/ICHHA-Titel.png\",\"width\":750,\"height\":750,\"caption\":\"Iglesia de la comunidad hispano hablante de Alemania\"},\"image\":{\"@id\":\"http:\/\/ichha.org\/#\/schema\/logo\/image\/\"},\"sameAs\":[\"https:\/\/www.facebook.com\/iglesiahispanaichha\/\"]}]}<\/script>\n<!-- \/ Yoast SEO plugin. -->","yoast_head_json":{"title":"Wer sind wir?","description":"Somos una iglesia latina cerca de Frankfurt, Alemania","robots":{"index":"index","follow":"follow","max-snippet":"max-snippet:-1","max-image-preview":"max-image-preview:large","max-video-preview":"max-video-preview:-1"},"canonical":"http:\/\/ichha.org\/de\/nosotros\/","og_locale":"de_DE","og_type":"article","og_title":"[:de]Wer sind wir?[:es]Acerca de nosotros[:] | ICHHA","og_description":"Somos una iglesia latina cerca de Frankfurt, Alemania","og_url":"http:\/\/ichha.org\/de\/nosotros\/","og_site_name":"ICHHA","article_publisher":"https:\/\/www.facebook.com\/iglesiahispanaichha\/","article_modified_time":"2019-03-15T10:47:52+00:00","twitter_card":"summary_large_image","twitter_misc":{"Gesch\u00e4tzte Lesezeit":"2\u00a0Minuten"},"schema":{"@context":"https:\/\/schema.org","@graph":[{"@type":"WebPage","@id":"http:\/\/ichha.org\/nosotros\/","url":"http:\/\/ichha.org\/nosotros\/","name":"Wer sind wir?","isPartOf":{"@id":"http:\/\/ichha.org\/#website"},"datePublished":"2019-02-23T12:58:37+00:00","dateModified":"2019-03-15T10:47:52+00:00","description":"Somos una iglesia latina cerca de Frankfurt, Alemania","breadcrumb":{"@id":"http:\/\/ichha.org\/nosotros\/#breadcrumb"},"inLanguage":"de-DE","potentialAction":[{"@type":"ReadAction","target":["http:\/\/ichha.org\/nosotros\/"]}]},{"@type":"BreadcrumbList","@id":"http:\/\/ichha.org\/nosotros\/#breadcrumb","itemListElement":[{"@type":"ListItem","position":1,"name":"Home","item":"http:\/\/ichha.org\/"},{"@type":"ListItem","position":2,"name":"Acerca de nosotros"}]},{"@type":"WebSite","@id":"http:\/\/ichha.org\/#website","url":"http:\/\/ichha.org\/","name":"ICHHA","description":"Compartiendo el amor de Dios","publisher":{"@id":"http:\/\/ichha.org\/#organization"},"potentialAction":[{"@type":"SearchAction","target":{"@type":"EntryPoint","urlTemplate":"http:\/\/ichha.org\/?s={search_term_string}"},"query-input":{"@type":"PropertyValueSpecification","valueRequired":true,"valueName":"search_term_string"}}],"inLanguage":"de-DE"},{"@type":"Organization","@id":"http:\/\/ichha.org\/#organization","name":"Iglesia de la comunidad hispano hablante de Alemania","url":"http:\/\/ichha.org\/","logo":{"@type":"ImageObject","inLanguage":"de-DE","@id":"http:\/\/ichha.org\/#\/schema\/logo\/image\/","url":"http:\/\/ichha.org\/wp-content\/uploads\/2018\/11\/ICHHA-Titel.png","contentUrl":"http:\/\/ichha.org\/wp-content\/uploads\/2018\/11\/ICHHA-Titel.png","width":750,"height":750,"caption":"Iglesia de la comunidad hispano hablante de Alemania"},"image":{"@id":"http:\/\/ichha.org\/#\/schema\/logo\/image\/"},"sameAs":["https:\/\/www.facebook.com\/iglesiahispanaichha\/"]}]}},"_links":{"self":[{"href":"http:\/\/ichha.org\/de\/wp-json\/wp\/v2\/pages\/2305","targetHints":{"allow":["GET"]}}],"collection":[{"href":"http:\/\/ichha.org\/de\/wp-json\/wp\/v2\/pages"}],"about":[{"href":"http:\/\/ichha.org\/de\/wp-json\/wp\/v2\/types\/page"}],"author":[{"embeddable":true,"href":"http:\/\/ichha.org\/de\/wp-json\/wp\/v2\/users\/1"}],"replies":[{"embeddable":true,"href":"http:\/\/ichha.org\/de\/wp-json\/wp\/v2\/comments?post=2305"}],"version-history":[{"count":200,"href":"http:\/\/ichha.org\/de\/wp-json\/wp\/v2\/pages\/2305\/revisions"}],"predecessor-version":[{"id":2755,"href":"http:\/\/ichha.org\/de\/wp-json\/wp\/v2\/pages\/2305\/revisions\/2755"}],"wp:attachment":[{"href":"http:\/\/ichha.org\/de\/wp-json\/wp\/v2\/media?parent=2305"}],"curies":[{"name":"wp","href":"https:\/\/api.w.org\/{rel}","templated":true}]}}